{"id":17,"date":"2016-02-12T08:09:36","date_gmt":"2016-02-12T08:09:36","guid":{"rendered":"http:\/\/demos.famethemes.com\/onepress\/?page_id=17"},"modified":"2025-11-24T12:12:29","modified_gmt":"2025-11-24T11:12:29","slug":"omne","status":"publish","type":"page","link":"https:\/\/virtuo.sk\/en\/omne\/","title":{"rendered":""},"content":{"rendered":"<div style=\"height:20px\" aria-hidden=\"true\" class=\"wp-block-spacer\"><\/div>\n\n\n<div class=\"wp-block-image is-style-rounded\">\n<figure class=\"aligncenter size-large is-resized\"><img loading=\"lazy\" src=\"https:\/\/virtuo.sk\/wp-content\/uploads\/2024\/10\/DSC_0555-1-scaled-e1730287401365-801x1024.jpg\" alt=\"\" class=\"wp-image-3210\" width=\"195\" height=\"249\" srcset=\"https:\/\/virtuo.sk\/wp-content\/uploads\/2024\/10\/DSC_0555-1-scaled-e1730287401365-801x1024.jpg 801w, https:\/\/virtuo.sk\/wp-content\/uploads\/2024\/10\/DSC_0555-1-scaled-e1730287401365-235x300.jpg 235w, https:\/\/virtuo.sk\/wp-content\/uploads\/2024\/10\/DSC_0555-1-scaled-e1730287401365-768x982.jpg 768w, https:\/\/virtuo.sk\/wp-content\/uploads\/2024\/10\/DSC_0555-1-scaled-e1730287401365-9x12.jpg 9w, https:\/\/virtuo.sk\/wp-content\/uploads\/2024\/10\/DSC_0555-1-scaled-e1730287401365.jpg 1056w\" sizes=\"(max-width: 195px) 100vw, 195px\" \/><\/figure><\/div>\n\n\n<h2 class=\"has-text-align-center\">Dr. rer. nat. Martin Pol\u00e1k<\/h2>\n\n\n<p style=\"text-align: left;\"><span style=\"color: #333333;\">I studied <span style=\"color: #000000;\"><strong><a style=\"color: #000000;\" href=\"https:\/\/virtuo.sk\/wp-content\/uploads\/2023\/10\/Promotionsbescheid_page-0001-scaled.jpg\" target=\"_blank\" rel=\"noopener\">psychology<\/a><\/strong><\/span> with focus on clinical psychology and psychotherapy research at the University of Trnava, University of Munich, University of Graz and University of Vienna. In my doctoral research, I focused on the effectiveness and implementation of new forms of <\/span><span style=\"color: #000000;\"><strong><a style=\"color: #000000;\" href=\"https:\/\/virtuo.sk\/en\/kognitivno-behavioralna-terapia\/\" target=\"_blank\" rel=\"noopener noreferrer\">cognitive-behavioral therapy<\/a><\/strong><\/span><span style=\"color: #333333;\"> such as <span style=\"color: #000000;\"><strong><a style=\"color: #000000;\" href=\"https:\/\/virtuo.sk\/en\/expozicna-terapia-vo-virtualnej-realite\/\" target=\"_blank\" rel=\"noopener noreferrer\">Virtual Reality Exposure Therapy<\/a><\/strong><\/span>\u00a0(<em>VRET<\/em>) and\u00a0<\/span><a href=\"https:\/\/virtuo.sk\/en\/kognitivno-behavioralna-terapia-prostrednictvom-internetu\/\" target=\"_blank\" rel=\"noopener noreferrer\"><span style=\"color: #000000;\"><strong>internet-based CBT<\/strong><\/span><\/a><span style=\"color: #333333;\">\u00a0(<em>iCBT<\/em>) in the treatment of panic disorder, social anxiety disorder and obsessive-compulsive disorder<\/span><span style=\"color: #333333;\">. CurrentIy, I am an active member of the <\/span><span style=\"color: #000000;\"><strong><a style=\"color: #000000;\" href=\"http:\/\/esrii.org\/\" target=\"_blank\" rel=\"noopener noreferrer\">European Society for Research on Internet Interventions <\/a><\/strong>and <strong><span style=\"color: #000000;\"><a style=\"color: #000000;\" href=\"https:\/\/www.svrt.org\/\" target=\"_blank\" rel=\"noopener\">the Society for Virtual Reality Therapy<\/a><\/span>, <\/strong><\/span><span style=\"color: #333333;\">while I had the opportunity to lecture at various scientific conferences across Europe. Additionally, I gained five years of invaluable experience working with clients exhibiting Behavioural and emotional disorders with onset usually occurring in childhood and adolescence (F90-F98), within a multidisciplinary team setting in <\/span><span style=\"color: #000000;\"><strong><a style=\"color: #000000;\" href=\"https:\/\/www.balance.at\/\" target=\"_blank\" rel=\"noopener noreferrer\">Vienna,<\/a><\/strong><\/span><span style=\"color: #333333;\">where I served as a team leader for two years. In Slovakia, I gained professional experience<span style=\"color: #000000;\">\u00a0in <strong><a style=\"color: #000000;\" href=\"https:\/\/www.pnpp.sk\/\" target=\"_blank\" rel=\"noopener\">Psychiatrickej nemocnici Philippa Pinela v Pezinku, <\/a><\/strong>in <strong><a style=\"color: #000000;\" href=\"https:\/\/www.pnvz.sk\/\" target=\"_blank\" rel=\"noopener\">Psychiatrickej nemocnici Ve\u013ek\u00e9 Z\u00e1lu\u017eie, <\/a><\/strong><\/span>ako aj na <span style=\"color: #000000;\"><strong><a style=\"color: #000000;\" href=\"https:\/\/fnnitra.sk\/oddelenia\/oddelenie-klinickej-psychologie\/\">Oddelen\u00ed klinickej psychol\u00f3gie FN NR<\/a><\/strong><\/span>. Aktu\u00e1lne sa vzdel\u00e1vam v psychoterapeutickom v\u00fdcviku v <\/span><span style=\"color: #000000;\"><a style=\"color: #000000;\" href=\"https:\/\/kbt.sk\/\" target=\"_blank\" rel=\"noopener\"><strong>kognit\u00edvno-behavior\u00e1lnej terapii<\/strong><\/a>, a t<\/span><span style=\"color: #333333;\">ie\u017e som frekventantom<span style=\"color: #000000;\"><a style=\"color: #000000;\" href=\"https:\/\/fphil.uniba.sk\/katedry-a-odborne-pracoviska\/katedra-psychologie\/akcie-katedry\/specializacne-klinicka\/\" target=\"_blank\" rel=\"noopener\"> <strong>\u0160pecializa\u010dn\u00e9ho \u0161t\u00fadia klinickej<\/strong> <strong>psychology<\/strong><\/a><\/span> .<\/span><\/p>\n<p>\u00a0<\/p>\n\n\n<p><\/p>","protected":false},"excerpt":{"rendered":"<p>\u0160t\u00fadium psychol\u00f3gie som absolvoval na univerzit\u00e1ch v Trnave, Mn\u00edchove, Grazi a Viedni. V mojom dizerta\u010dnom v\u00fdskume sa venujem najnov\u0161\u00edm trendom v oblasti v\u00fdskumu v psychoterapii. Aktu\u00e1lne sk\u00famam efektivitu internetovej formy kognit\u00edvno-behavior\u00e1lnej terapie (internet-based CBT) a expozi\u010dnej terapie pomocou virtu\u00e1lnej reality (Virtual Reality Exposure Therapy) pri lie\u010den\u00ed \u00fazkostn\u00fdch por\u00fach. Spolupracujem pri tom s prof. Perom Carlbringom a prof. Gerhardom Anderssonom. Som akt\u00edvnym \u010dlenom Eur\u00f3pskej spolo\u010dnosti pre v\u00fdskum internetov\u00fdch intervenci\u00ed (European Society for Research on Internet Interventions), predn\u00e1\u0161al som na vedeck\u00fdch konferenci\u00e1ch vo Var\u0161ave, Bergen, Dubline a Grazi. Pracoval som p\u00e4\u0165 rokov s klientmi s poruchami spr\u00e1vania a emo\u010dn\u00fdmi poruchami so za\u010diatkom v detstve a po\u010das dospievania (ICD-10 F90 &#8211; F98) v multidisciplin\u00e1rnom t\u00edme vo Viedni. Z toho posledn\u00e9 dva roky vo funkci\u00ed team-koordin\u00e1tora. Aktu\u00e1lne sa vzdel\u00e1vam v psychoterapeutickom v\u00fdcviku v sch\u00e9materapii, organizovanom Prv\u00fdm in\u0161tit\u00fatom Sch\u00e9materapie \u010ceskej republiky a Slovenska.<\/p>","protected":false},"author":2,"featured_media":0,"parent":0,"menu_order":0,"comment_status":"closed","ping_status":"closed","template":"","meta":{"om_disable_all_campaigns":false,"_monsterinsights_skip_tracking":false,"_monsterinsights_sitenote_active":false,"_monsterinsights_sitenote_note":"","_monsterinsights_sitenote_category":0,"_uf_show_specific_survey":0,"_uf_disable_surveys":false,"pgc_sgb_lightbox_settings":""},"aioseo_notices":[],"yoast_head":"<!-- This site is optimized with the Yoast SEO plugin v20.6 - https:\/\/yoast.com\/wordpress\/plugins\/seo\/ -->\n<title>VIRTUO -<\/title>\n<meta name=\"robots\" content=\"index, follow, max-snippet:-1, max-image-preview:large, max-video-preview:-1\" \/>\n<link rel=\"canonical\" href=\"https:\/\/virtuo.sk\/en\/omne\/\" \/>\n<meta property=\"og:locale\" content=\"en_GB\" \/>\n<meta property=\"og:type\" content=\"article\" \/>\n<meta property=\"og:title\" content=\"VIRTUO -\" \/>\n<meta property=\"og:description\" content=\"\u0160t\u00fadium psychol\u00f3gie som absolvoval na univerzit\u00e1ch v Trnave, Mn\u00edchove, Grazi a Viedni. V mojom dizerta\u010dnom v\u00fdskume sa venujem najnov\u0161\u00edm trendom v oblasti v\u00fdskumu v psychoterapii. Aktu\u00e1lne sk\u00famam efektivitu internetovej formy kognit\u00edvno-behavior\u00e1lnej terapie (internet-based CBT) a expozi\u010dnej terapie pomocou virtu\u00e1lnej reality (Virtual Reality Exposure Therapy) pri lie\u010den\u00ed \u00fazkostn\u00fdch por\u00fach. Spolupracujem pri tom s prof. Perom Carlbringom a prof. Gerhardom Anderssonom. Som akt\u00edvnym \u010dlenom Eur\u00f3pskej spolo\u010dnosti pre v\u00fdskum internetov\u00fdch intervenci\u00ed (European Society for Research on Internet Interventions), predn\u00e1\u0161al som na vedeck\u00fdch konferenci\u00e1ch vo Var\u0161ave, Bergen, Dubline a Grazi. Pracoval som p\u00e4\u0165 rokov s klientmi s poruchami spr\u00e1vania a emo\u010dn\u00fdmi poruchami so za\u010diatkom v detstve a po\u010das dospievania (ICD-10 F90 - F98) v multidisciplin\u00e1rnom t\u00edme vo Viedni. Z toho posledn\u00e9 dva roky vo funkci\u00ed team-koordin\u00e1tora. Aktu\u00e1lne sa vzdel\u00e1vam v psychoterapeutickom v\u00fdcviku v sch\u00e9materapii, organizovanom Prv\u00fdm in\u0161tit\u00fatom Sch\u00e9materapie \u010ceskej republiky a Slovenska.\" \/>\n<meta property=\"og:url\" content=\"https:\/\/virtuo.sk\/en\/omne\/\" \/>\n<meta property=\"og:site_name\" content=\"VIRTUO\" \/>\n<meta property=\"article:publisher\" content=\"https:\/\/www.facebook.com\/VIRTUO-110604190736597\/\" \/>\n<meta property=\"article:modified_time\" content=\"2025-11-24T11:12:29+00:00\" \/>\n<meta property=\"og:image\" content=\"https:\/\/virtuo.sk\/wp-content\/uploads\/2024\/10\/DSC_0555-1-scaled-e1730287401365-801x1024.jpg\" \/>\n<meta name=\"twitter:card\" content=\"summary_large_image\" \/>\n<meta name=\"twitter:label1\" content=\"Estimated reading time\" \/>\n\t<meta name=\"twitter:data1\" content=\"1 minute\" \/>\n<script type=\"application\/ld+json\" class=\"yoast-schema-graph\">{\"@context\":\"https:\/\/schema.org\",\"@graph\":[{\"@type\":\"WebPage\",\"@id\":\"https:\/\/virtuo.sk\/omne\/\",\"url\":\"https:\/\/virtuo.sk\/omne\/\",\"name\":\"VIRTUO -\",\"isPartOf\":{\"@id\":\"https:\/\/virtuo.sk\/#website\"},\"datePublished\":\"2016-02-12T08:09:36+00:00\",\"dateModified\":\"2025-11-24T11:12:29+00:00\",\"inLanguage\":\"en-GB\",\"potentialAction\":[{\"@type\":\"ReadAction\",\"target\":[\"https:\/\/virtuo.sk\/omne\/\"]}]},{\"@type\":\"WebSite\",\"@id\":\"https:\/\/virtuo.sk\/#website\",\"url\":\"https:\/\/virtuo.sk\/\",\"name\":\"VIRTUO\",\"description\":\"Ambulancia klinickej psychol\u00f3gie\",\"publisher\":{\"@id\":\"https:\/\/virtuo.sk\/#organization\"},\"potentialAction\":[{\"@type\":\"SearchAction\",\"target\":{\"@type\":\"EntryPoint\",\"urlTemplate\":\"https:\/\/virtuo.sk\/?s={search_term_string}\"},\"query-input\":\"required name=search_term_string\"}],\"inLanguage\":\"en-GB\"},{\"@type\":\"Organization\",\"@id\":\"https:\/\/virtuo.sk\/#organization\",\"name\":\"VIRTUO\",\"url\":\"https:\/\/virtuo.sk\/\",\"logo\":{\"@type\":\"ImageObject\",\"inLanguage\":\"en-GB\",\"@id\":\"https:\/\/virtuo.sk\/#\/schema\/logo\/image\/\",\"url\":\"https:\/\/virtuo.sk\/wp-content\/uploads\/2020\/09\/plus.png\",\"contentUrl\":\"https:\/\/virtuo.sk\/wp-content\/uploads\/2020\/09\/plus.png\",\"width\":102,\"height\":102,\"caption\":\"VIRTUO\"},\"image\":{\"@id\":\"https:\/\/virtuo.sk\/#\/schema\/logo\/image\/\"},\"sameAs\":[\"https:\/\/www.facebook.com\/VIRTUO-110604190736597\/\",\"https:\/\/www.linkedin.com\/in\/martin-polak-a8589891\/\",\"https:\/\/www.instagram.com\/virtuo.sk\/\"]}]}<\/script>\n<!-- \/ Yoast SEO plugin. -->","yoast_head_json":{"title":"VIRTUO -","robots":{"index":"index","follow":"follow","max-snippet":"max-snippet:-1","max-image-preview":"max-image-preview:large","max-video-preview":"max-video-preview:-1"},"canonical":"https:\/\/virtuo.sk\/en\/omne\/","og_locale":"en_GB","og_type":"article","og_title":"VIRTUO -","og_description":"\u0160t\u00fadium psychol\u00f3gie som absolvoval na univerzit\u00e1ch v Trnave, Mn\u00edchove, Grazi a Viedni. V mojom dizerta\u010dnom v\u00fdskume sa venujem najnov\u0161\u00edm trendom v oblasti v\u00fdskumu v psychoterapii. Aktu\u00e1lne sk\u00famam efektivitu internetovej formy kognit\u00edvno-behavior\u00e1lnej terapie (internet-based CBT) a expozi\u010dnej terapie pomocou virtu\u00e1lnej reality (Virtual Reality Exposure Therapy) pri lie\u010den\u00ed \u00fazkostn\u00fdch por\u00fach. Spolupracujem pri tom s prof. Perom Carlbringom a prof. Gerhardom Anderssonom. Som akt\u00edvnym \u010dlenom Eur\u00f3pskej spolo\u010dnosti pre v\u00fdskum internetov\u00fdch intervenci\u00ed (European Society for Research on Internet Interventions), predn\u00e1\u0161al som na vedeck\u00fdch konferenci\u00e1ch vo Var\u0161ave, Bergen, Dubline a Grazi. Pracoval som p\u00e4\u0165 rokov s klientmi s poruchami spr\u00e1vania a emo\u010dn\u00fdmi poruchami so za\u010diatkom v detstve a po\u010das dospievania (ICD-10 F90 - F98) v multidisciplin\u00e1rnom t\u00edme vo Viedni. Z toho posledn\u00e9 dva roky vo funkci\u00ed team-koordin\u00e1tora. Aktu\u00e1lne sa vzdel\u00e1vam v psychoterapeutickom v\u00fdcviku v sch\u00e9materapii, organizovanom Prv\u00fdm in\u0161tit\u00fatom Sch\u00e9materapie \u010ceskej republiky a Slovenska.","og_url":"https:\/\/virtuo.sk\/en\/omne\/","og_site_name":"VIRTUO","article_publisher":"https:\/\/www.facebook.com\/VIRTUO-110604190736597\/","article_modified_time":"2025-11-24T11:12:29+00:00","og_image":[{"url":"https:\/\/virtuo.sk\/wp-content\/uploads\/2024\/10\/DSC_0555-1-scaled-e1730287401365-801x1024.jpg"}],"twitter_card":"summary_large_image","twitter_misc":{"Estimated reading time":"1 minute"},"schema":{"@context":"https:\/\/schema.org","@graph":[{"@type":"WebPage","@id":"https:\/\/virtuo.sk\/omne\/","url":"https:\/\/virtuo.sk\/omne\/","name":"VIRTUO -","isPartOf":{"@id":"https:\/\/virtuo.sk\/#website"},"datePublished":"2016-02-12T08:09:36+00:00","dateModified":"2025-11-24T11:12:29+00:00","inLanguage":"en-GB","potentialAction":[{"@type":"ReadAction","target":["https:\/\/virtuo.sk\/omne\/"]}]},{"@type":"WebSite","@id":"https:\/\/virtuo.sk\/#website","url":"https:\/\/virtuo.sk\/","name":"VIRTUO","description":"Ambulancia klinickej psychol\u00f3gie","publisher":{"@id":"https:\/\/virtuo.sk\/#organization"},"potentialAction":[{"@type":"SearchAction","target":{"@type":"EntryPoint","urlTemplate":"https:\/\/virtuo.sk\/?s={search_term_string}"},"query-input":"required name=search_term_string"}],"inLanguage":"en-GB"},{"@type":"Organization","@id":"https:\/\/virtuo.sk\/#organization","name":"VIRTUO","url":"https:\/\/virtuo.sk\/","logo":{"@type":"ImageObject","inLanguage":"en-GB","@id":"https:\/\/virtuo.sk\/#\/schema\/logo\/image\/","url":"https:\/\/virtuo.sk\/wp-content\/uploads\/2020\/09\/plus.png","contentUrl":"https:\/\/virtuo.sk\/wp-content\/uploads\/2020\/09\/plus.png","width":102,"height":102,"caption":"VIRTUO"},"image":{"@id":"https:\/\/virtuo.sk\/#\/schema\/logo\/image\/"},"sameAs":["https:\/\/www.facebook.com\/VIRTUO-110604190736597\/","https:\/\/www.linkedin.com\/in\/martin-polak-a8589891\/","https:\/\/www.instagram.com\/virtuo.sk\/"]}]}},"_links":{"self":[{"href":"https:\/\/virtuo.sk\/en\/wp-json\/wp\/v2\/pages\/17"}],"collection":[{"href":"https:\/\/virtuo.sk\/en\/wp-json\/wp\/v2\/pages"}],"about":[{"href":"https:\/\/virtuo.sk\/en\/wp-json\/wp\/v2\/types\/page"}],"author":[{"embeddable":true,"href":"https:\/\/virtuo.sk\/en\/wp-json\/wp\/v2\/users\/2"}],"replies":[{"embeddable":true,"href":"https:\/\/virtuo.sk\/en\/wp-json\/wp\/v2\/comments?post=17"}],"version-history":[{"count":7,"href":"https:\/\/virtuo.sk\/en\/wp-json\/wp\/v2\/pages\/17\/revisions"}],"predecessor-version":[{"id":3411,"href":"https:\/\/virtuo.sk\/en\/wp-json\/wp\/v2\/pages\/17\/revisions\/3411"}],"wp:attachment":[{"href":"https:\/\/virtuo.sk\/en\/wp-json\/wp\/v2\/media?parent=17"}],"curies":[{"name":"wp","href":"https:\/\/api.w.org\/{rel}","templated":true}]}}